{"id":760,"date":"2018-08-06T06:25:24","date_gmt":"2018-08-06T06:25:24","guid":{"rendered":"https:\/\/deiman4finance.eu\/home\/"},"modified":"2026-01-22T07:43:56","modified_gmt":"2026-01-22T07:43:56","slug":"home","status":"publish","type":"page","link":"http:\/\/deiman4finance.eu\/ca\/","title":{"rendered":"Inici"},"content":{"rendered":"<!--themify_builder_content-->\n<div id=\"themify_builder_content-760\" data-postid=\"760\" class=\"themify_builder_content themify_builder_content-760 themify_builder tf_clear\">\n                    <div  data-css_id=\"3e45014\" data-lazy=\"1\" class=\"module_row themify_builder_row fullwidth_row_container tb_3e45014 tb_first tf_w\">\n            <span class=\"builder_row_cover tf_abs\"><\/span>            <div class=\"row_inner col_align_top tb_col_count_1 tf_box tf_rel\">\n                        <div  data-lazy=\"1\" class=\"module_column tb-column col-full tb_243b3fa first\">\n                    <!-- module fancy heading -->\n<div  class=\"module module-fancy-heading tb_73a6913  tb_hide_divider\" data-lazy=\"1\">\n        <h1 class=\"fancy-heading tf_textc\">\n    <span class=\"main-head tf_block\">\n                    Projecte DEIMAN4FINANCE            <\/span>\n\n    \n    <span class=\"sub-head tf_block tf_rel\">\n                                <\/span>\n    <\/h1>\n<\/div>\n<!-- \/module fancy heading -->\n<!-- module text -->\n<div  class=\"module module-text tb_s685628   \" data-lazy=\"1\">\n        <div  class=\"tb_text_wrap\">\n        <p style=\"text-align: center;\" align=\"left\">L&#8217;objectiu de DEIMAN4FINANCE \u00e9s introduir formaci\u00f3 en Diversitat, Equitat i Inclusi\u00f3 (DEI, l\u2019acr\u00f2nim en angl\u00e8s de Diversity, Equity &amp; Inclusion) en l&#8217;educaci\u00f3 i formaci\u00f3 professional EFP per crear un entorn de treball que valori la diversitat en el sector financer.<\/p>\n<p style=\"text-align: center;\">El projecte t\u00e9 com a objectiu:<\/p>    <\/div>\n<\/div>\n<!-- \/module text -->        <div  data-lazy=\"1\" class=\"module_subrow themify_builder_sub_row tf_w col_align_bottom tb_col_count_3 tb_d34d1fb\">\n                <div  data-lazy=\"1\" class=\"module_column sub_column col3-1 tb_52e0d7f first\">\n                    <!-- module callout -->\n<div  class=\"module ui module-callout tb_ecb364d button-bottom green  rounded\" data-lazy=\"1\">\n    \n    <div class=\"callout-inner\">\n    <div class=\"callout-content tf_left\">\n        <h3 class=\"callout-heading\">Crear cursos d'aprenentatge que equiparan els professionals amb les habilitats necess\u00e0ries per convertir-se en gestors de diversitat, equitat i inclusi\u00f3 (DEI, l\u2019acr\u00f2nim en angl\u00e8s de Diversity, Equity & Inclusion).<\/h3>\n        <div class=\"tb_text_wrap\">\n                    <\/div>\n    <\/div>\n    <!-- \/callout-content -->\n        <\/div>\n    <!-- \/callout-content -->\n<\/div>\n<!-- \/module callout -->\n        <\/div>\n                    <div  data-lazy=\"1\" class=\"module_column sub_column col3-1 tb_732cb19\">\n                    <!-- module callout -->\n<div  class=\"module ui module-callout tb_4bbf59a button-bottom orange  rounded\" data-lazy=\"1\">\n    \n    <div class=\"callout-inner\">\n    <div class=\"callout-content tf_left\">\n        <h3 class=\"callout-heading\">Millorar les capacitats digitals dels prove\u00efdors d'Educaci\u00f3 i Formaci\u00f3 Professional, EFP.<\/h3>\n        <div class=\"tb_text_wrap\">\n                    <\/div>\n    <\/div>\n    <!-- \/callout-content -->\n        <\/div>\n    <!-- \/callout-content -->\n<\/div>\n<!-- \/module callout -->\n        <\/div>\n                    <div  data-lazy=\"1\" class=\"module_column sub_column col3-1 tb_eff09ba last\">\n                    <!-- module callout -->\n<div  class=\"module ui module-callout tb_3be0693 button-bottom blue  rounded\" data-lazy=\"1\">\n    \n    <div class=\"callout-inner\">\n    <div class=\"callout-content tf_left\">\n        <h3 class=\"callout-heading\">Establir un sistema de microcredencials per facilitar la certificaci\u00f3 de les habilitats d'un gestor de diversitat, equitat i inclusi\u00f3 (DEI, l\u2019acr\u00f2nim en angl\u00e8s de Diversity, Equity & Inclusion).<\/h3>\n        <div class=\"tb_text_wrap\">\n                    <\/div>\n    <\/div>\n    <!-- \/callout-content -->\n        <\/div>\n    <!-- \/callout-content -->\n<\/div>\n<!-- \/module callout -->\n        <\/div>\n                    <\/div>\n                <\/div>\n                        <\/div>\n        <\/div>\n                        <div  data-lazy=\"1\" class=\"module_row themify_builder_row tb_l1mv65 tf_w\">\n                        <div class=\"row_inner col_align_top tb_col_count_1 tf_box tf_rel\">\n                        <div  data-lazy=\"1\" class=\"module_column tb-column col-full tb_k32065 first\">\n                    <!-- module text -->\n<div  class=\"module module-text tb_n2qq537   \" data-lazy=\"1\">\n        <div  class=\"tb_text_wrap\">\n        <h2 style=\"text-align: center;\">Dues maneres d&#8217;assolir-los:<\/h2>    <\/div>\n<\/div>\n<!-- \/module text -->        <div  data-lazy=\"1\" class=\"module_subrow themify_builder_sub_row tf_w col_align_top tb_col_count_2 tb_ded4328\">\n                <div  data-lazy=\"1\" class=\"module_column sub_column col4-2 tb_pdlb328 first\">\n                    <!-- module callout -->\n<div  class=\"module ui module-callout tb_d8u7431 button-bottom green  rounded\" data-lazy=\"1\">\n    \n    <div class=\"callout-inner\">\n    <div class=\"callout-content tf_left\">\n        <h3 class=\"callout-heading\">Una plataforma d'e-learning per a gestors de diversitat, equitat i inclusi\u00f3 (DEI, l\u2019acr\u00f2nim en angl\u00e8s de Diversity, Equity & Inclusion) amb una metodologia que l'acompanya per a l'ensenyament del seu material.<\/h3>\n        <div class=\"tb_text_wrap\">\n                    <\/div>\n    <\/div>\n    <!-- \/callout-content -->\n        <\/div>\n    <!-- \/callout-content -->\n<\/div>\n<!-- \/module callout -->\n        <\/div>\n                    <div  data-lazy=\"1\" class=\"module_column sub_column col4-2 tb_yo04329 last\">\n                    <!-- module callout -->\n<div  class=\"module ui module-callout tb_482l935 button-bottom blue  rounded\" data-lazy=\"1\">\n    \n    <div class=\"callout-inner\">\n    <div class=\"callout-content tf_left\">\n        <h3 class=\"callout-heading\">Un pilotatge de la plataforma amb gestors de diversitat, equitat i inclusi\u00f3 (DEI, l\u2019acr\u00f2nim en angl\u00e8s de Diversity, Equity & Inclusion)<\/h3>\n        <div class=\"tb_text_wrap\">\n                    <\/div>\n    <\/div>\n    <!-- \/callout-content -->\n        <\/div>\n    <!-- \/callout-content -->\n<\/div>\n<!-- \/module callout -->\n        <\/div>\n                    <\/div>\n                <\/div>\n                        <\/div>\n        <\/div>\n                        <div  data-lazy=\"1\" class=\"module_row themify_builder_row tb_dc763bb tf_w\">\n                        <div class=\"row_inner col_align_top tb_col_count_1 tf_box tf_rel\">\n                        <div  data-lazy=\"1\" class=\"module_column tb-column col-full tb_ebf377d first\">\n                    <!-- module text -->\n<div  class=\"module module-text tb_26c11d1   \" data-lazy=\"1\">\n        <div  class=\"tb_text_wrap\">\n        <h2>Fullet del projecte<\/h2>    <\/div>\n<\/div>\n<!-- \/module text --><!-- module image -->\n<div  class=\"module module-image tb_d838296 image-top   tf_mw\" data-lazy=\"1\">\n        <div class=\"image-wrap tf_rel tf_mw\">\n            <img loading=\"lazy\" decoding=\"async\" width=\"1755\" height=\"1241\" src=\"http:\/\/deiman4finance.eu\/wp-content\/uploads\/2026\/01\/Brochure-CA_page-0001.jpg\" class=\"wp-post-image wp-image-1377\" title=\"Brochure CA_page-0001\" alt=\"Brochure CA_page-0001\" srcset=\"http:\/\/deiman4finance.eu\/wp-content\/uploads\/2026\/01\/Brochure-CA_page-0001.jpg 1755w, http:\/\/deiman4finance.eu\/wp-content\/uploads\/2026\/01\/Brochure-CA_page-0001-300x212.jpg 300w, http:\/\/deiman4finance.eu\/wp-content\/uploads\/2026\/01\/Brochure-CA_page-0001-1024x724.jpg 1024w, http:\/\/deiman4finance.eu\/wp-content\/uploads\/2026\/01\/Brochure-CA_page-0001-768x543.jpg 768w, http:\/\/deiman4finance.eu\/wp-content\/uploads\/2026\/01\/Brochure-CA_page-0001-1536x1086.jpg 1536w\" sizes=\"auto, (max-width: 1755px) 100vw, 1755px\" \/>    \n        <\/div>\n    <!-- \/image-wrap -->\n    \n        <\/div>\n<!-- \/module image --><!-- module image -->\n<div  class=\"module module-image tb_mpfi50 image-top   tf_mw\" data-lazy=\"1\">\n        <div class=\"image-wrap tf_rel tf_mw\">\n            <img decoding=\"async\" src=\"http:\/\/deiman4finance.eu\/wp-content\/uploads\/2026\/01\/Brochure-CA_page-0002-1131x800.jpg\" height=\"800\" class=\"wp-post-image wp-image-1384\" title=\"Brochure CA_page-0002\" alt=\"Brochure CA_page-0002\" srcset=\"http:\/\/deiman4finance.eu\/wp-content\/uploads\/2026\/01\/Brochure-CA_page-0002-1131x800.jpg 1131w, http:\/\/deiman4finance.eu\/wp-content\/uploads\/2026\/01\/Brochure-CA_page-0002-300x212.jpg 300w, http:\/\/deiman4finance.eu\/wp-content\/uploads\/2026\/01\/Brochure-CA_page-0002-1024x724.jpg 1024w, http:\/\/deiman4finance.eu\/wp-content\/uploads\/2026\/01\/Brochure-CA_page-0002-768x543.jpg 768w, http:\/\/deiman4finance.eu\/wp-content\/uploads\/2026\/01\/Brochure-CA_page-0002-1536x1086.jpg 1536w, http:\/\/deiman4finance.eu\/wp-content\/uploads\/2026\/01\/Brochure-CA_page-0002.jpg 1755w\" sizes=\"(max-width: 1131px) 100vw, 1131px\" \/>    \n        <\/div>\n    <!-- \/image-wrap -->\n    \n        <\/div>\n<!-- \/module image --><!-- module text -->\n<div  class=\"module module-text tb_vfqe401   \" data-lazy=\"1\">\n        <div  class=\"tb_text_wrap\">\n        <h2>\u00daltimes not\u00edcies<\/h2>    <\/div>\n<\/div>\n<!-- \/module text --><!-- module post -->\n<div  class=\"module module-post tb_18a309a \">\n    <div  class=\"builder-posts-wrap loops-wrapper grid4 masonry boxed tf_rel tf_clear tf_clearfix\" data-lazy=\"1\">\n    <article id=\"post-1525\" class=\"post tf_clearfix post-1525 type-post status-publish format-standard has-post-thumbnail hentry category-journal-ca has-post-title has-post-date has-post-category has-post-tag has-post-comment has-post-author \">\n\t    \n\t                <figure class=\"post-image tf_clearfix\">\n                                                            <a href=\"http:\/\/deiman4finance.eu\/ca\/2025\/09\/15\/project-meeting-in-milan\/\">\n                                        <img loading=\"lazy\" decoding=\"async\" src=\"http:\/\/deiman4finance.eu\/wp-content\/uploads\/2025\/09\/Second-Transnational-Partners-Meeting-1-360x360.png\" width=\"360\" height=\"360\" class=\"wp-post-image wp-image-1194\" title=\"Second Transnational Partners Meeting (1)\" alt=\"Second Transnational Partners Meeting (1)\" srcset=\"http:\/\/deiman4finance.eu\/wp-content\/uploads\/2025\/09\/Second-Transnational-Partners-Meeting-1-360x360.png 360w, http:\/\/deiman4finance.eu\/wp-content\/uploads\/2025\/09\/Second-Transnational-Partners-Meeting-1-150x150.png 150w\" sizes=\"auto, (max-width: 360px) 100vw, 360px\" \/>                                                                    <\/a>\n                                                                <\/figure>\n                    \t<div class=\"post-content\">\n\t\t<div class=\"post-content-inner\">\n\n\t\t\t\t\t\t\t\t<div class=\"post-date-wrap post-date-inline\">\n\t\t<time class=\"post-date entry-date updated\" datetime=\"2025-09-15\">\n\t\t\t\t\t<span class=\"year\">setembre 15, 2025<\/span>\n\t\t\t\t<\/time>\n\t<\/div><!-- .post-date-wrap -->\n\t\t\t\t\n\t\t\t<h2 class=\"post-title entry-title\"><a href=\"http:\/\/deiman4finance.eu\/ca\/2025\/09\/15\/project-meeting-in-milan\/\">Reuni\u00f3 del projecte a Mil\u00e0<\/a><\/h2>\n\t\t\t\n\t\t\t\n\t\t\t        <div class=\"entry-content\">\n\n        \n            <p>The team behind the DEIMAN4Finance project gathered in Milan, Italy, this week to officially start the autumn season with a fantastic transnational partners meeting.This second meeting between the partners, held on the 8th and the 9th of September 2025, was not only extremely pleasant but also remarkably productive.Over the past months, all partners have collaborated [&hellip;]<\/p>\n\n                \n            \n        <\/div><!-- \/.entry-content -->\n        \n\t\t<\/div>\n\t\t<!-- \/.post-content-inner -->\n\t<\/div>\n\t<!-- \/.post-content -->\n\t\n<\/article>\n<!-- \/.post -->\n    <\/div><!-- .builder-posts-wrap -->\n            <\/div>\n<!-- \/module post -->\n            <\/div>\n                        <\/div>\n        <\/div>\n        <\/div>\n<!--\/themify_builder_content-->","protected":false},"excerpt":{"rendered":"<p>L&#8217;objectiu de DEIMAN4FINANCE \u00e9s introduir formaci\u00f3 en Diversitat, Equitat i Inclusi\u00f3 (DEI, l\u2019acr\u00f2nim en angl\u00e8s de Diversity, Equity &amp; Inclusion) en l&#8217;educaci\u00f3 i formaci\u00f3 professional EFP per crear un entorn de treball que valori la diversitat en el sector financer. El projecte t\u00e9 com a objectiu:<\/p>\n","protected":false},"author":1,"featured_media":0,"parent":0,"menu_order":0,"comment_status":"closed","ping_status":"closed","template":"","meta":{"footnotes":""},"class_list":["post-760","page","type-page","status-publish","hentry","has-post-title","has-post-date","has-post-category","has-post-tag","has-post-comment","has-post-author",""],"builder_content":"<h1>Projecte DEIMAN4FINANCE<br\/><\/h1>\n<p style=\"text-align: center;\" align=\"left\">L'objectiu de DEIMAN4FINANCE \u00e9s introduir formaci\u00f3 en Diversitat, Equitat i Inclusi\u00f3 (DEI, l\u2019acr\u00f2nim en angl\u00e8s de Diversity, Equity &amp; Inclusion) en l'educaci\u00f3 i formaci\u00f3 professional EFP per crear un entorn de treball que valori la diversitat en el sector financer.<\/p> <p style=\"text-align: center;\">El projecte t\u00e9 com a objectiu:<\/p>\n<h3>Crear cursos d'aprenentatge que equiparan els professionals amb les habilitats necess\u00e0ries per convertir-se en gestors de diversitat, equitat i inclusi\u00f3 (DEI, l\u2019acr\u00f2nim en angl\u00e8s de Diversity, Equity & Inclusion).<\/h3>\n<h3>Millorar les capacitats digitals dels prove\u00efdors d'Educaci\u00f3 i Formaci\u00f3 Professional, EFP.<\/h3>\n<h3>Establir un sistema de microcredencials per facilitar la certificaci\u00f3 de les habilitats d'un gestor de diversitat, equitat i inclusi\u00f3 (DEI, l\u2019acr\u00f2nim en angl\u00e8s de Diversity, Equity & Inclusion).<\/h3>\n<h2 style=\"text-align: center;\">Dues maneres d'assolir-los:<\/h2>\n<h3>Una plataforma d'e-learning per a gestors de diversitat, equitat i inclusi\u00f3 (DEI, l\u2019acr\u00f2nim en angl\u00e8s de Diversity, Equity & Inclusion) amb una metodologia que l'acompanya per a l'ensenyament del seu material.<\/h3>\n<h3>Un pilotatge de la plataforma amb gestors de diversitat, equitat i inclusi\u00f3 (DEI, l\u2019acr\u00f2nim en angl\u00e8s de Diversity, Equity & Inclusion)<\/h3>\n<h2>Fullet del projecte<\/h2>\n<img src=\"http:\/\/deiman4finance.eu\/wp-content\/uploads\/2026\/01\/Brochure-CA_page-0001.jpg\" title=\"Brochure CA_page-0001\" alt=\"Brochure CA_page-0001\" srcset=\"http:\/\/deiman4finance.eu\/wp-content\/uploads\/2026\/01\/Brochure-CA_page-0001.jpg 1755w, http:\/\/deiman4finance.eu\/wp-content\/uploads\/2026\/01\/Brochure-CA_page-0001-300x212.jpg 300w, http:\/\/deiman4finance.eu\/wp-content\/uploads\/2026\/01\/Brochure-CA_page-0001-1024x724.jpg 1024w, http:\/\/deiman4finance.eu\/wp-content\/uploads\/2026\/01\/Brochure-CA_page-0001-768x543.jpg 768w, http:\/\/deiman4finance.eu\/wp-content\/uploads\/2026\/01\/Brochure-CA_page-0001-1536x1086.jpg 1536w\" sizes=\"(max-width: 1755px) 100vw, 1755px\" \/>\n<img src=\"http:\/\/deiman4finance.eu\/wp-content\/uploads\/2026\/01\/Brochure-CA_page-0002-1131x800.jpg\" height=\"800\" title=\"Brochure CA_page-0002\" alt=\"Brochure CA_page-0002\" srcset=\"http:\/\/deiman4finance.eu\/wp-content\/uploads\/2026\/01\/Brochure-CA_page-0002-1131x800.jpg 1131w, http:\/\/deiman4finance.eu\/wp-content\/uploads\/2026\/01\/Brochure-CA_page-0002-300x212.jpg 300w, http:\/\/deiman4finance.eu\/wp-content\/uploads\/2026\/01\/Brochure-CA_page-0002-1024x724.jpg 1024w, http:\/\/deiman4finance.eu\/wp-content\/uploads\/2026\/01\/Brochure-CA_page-0002-768x543.jpg 768w, http:\/\/deiman4finance.eu\/wp-content\/uploads\/2026\/01\/Brochure-CA_page-0002-1536x1086.jpg 1536w, http:\/\/deiman4finance.eu\/wp-content\/uploads\/2026\/01\/Brochure-CA_page-0002.jpg 1755w\" sizes=\"(max-width: 1131px) 100vw, 1131px\" \/>\n<h2>\u00daltimes not\u00edcies<\/h2>","_links":{"self":[{"href":"http:\/\/deiman4finance.eu\/ca\/wp-json\/wp\/v2\/pages\/760","targetHints":{"allow":["GET"]}}],"collection":[{"href":"http:\/\/deiman4finance.eu\/ca\/wp-json\/wp\/v2\/pages"}],"about":[{"href":"http:\/\/deiman4finance.eu\/ca\/wp-json\/wp\/v2\/types\/page"}],"author":[{"embeddable":true,"href":"http:\/\/deiman4finance.eu\/ca\/wp-json\/wp\/v2\/users\/1"}],"replies":[{"embeddable":true,"href":"http:\/\/deiman4finance.eu\/ca\/wp-json\/wp\/v2\/comments?post=760"}],"version-history":[{"count":12,"href":"http:\/\/deiman4finance.eu\/ca\/wp-json\/wp\/v2\/pages\/760\/revisions"}],"predecessor-version":[{"id":1395,"href":"http:\/\/deiman4finance.eu\/ca\/wp-json\/wp\/v2\/pages\/760\/revisions\/1395"}],"wp:attachment":[{"href":"http:\/\/deiman4finance.eu\/ca\/wp-json\/wp\/v2\/media?parent=760"}],"curies":[{"name":"wp","href":"https:\/\/api.w.org\/{rel}","templated":true}]}}